{"id":8008,"date":"2025-07-20T22:49:32","date_gmt":"2025-07-20T19:49:32","guid":{"rendered":"https:\/\/berha.org\/en\/?post_type=product&#038;p=8008"},"modified":"2025-07-20T22:49:41","modified_gmt":"2025-07-20T19:49:41","slug":"kendinden-yapiskanli-coban-bandaj","status":"publish","type":"product","link":"https:\/\/berha.org\/en\/urun\/kendinden-yapiskanli-coban-bandaj\/","title":{"rendered":"Kendinden Yap\u0131\u015fkanl\u0131 Coban Bandaj"},"content":{"rendered":"<p>Kendinden Yap\u0131\u015fkanl\u0131 Coban Bandaj, \u00f6zellikle spor yaralanmalar\u0131, burkulmalar ve kompresyon gereken durumlarda kullan\u0131lan, yap\u0131\u015ft\u0131r\u0131c\u0131 i\u00e7ermeyen ancak kendine yap\u0131\u015fabilen elastik bir sarg\u0131 bezidir. Cilde de\u011fil, yaln\u0131zca kendi \u00fczerine yap\u0131\u015f\u0131r, bu sayede tahri\u015f riskini en aza indirir. Hava ge\u00e7irgen yap\u0131s\u0131 sayesinde cilt sa\u011fl\u0131\u011f\u0131n\u0131 korur. Kolay uygulanabilir, makas gerektirmez. Veterinerlikte, ortopedi ve fizik tedavi uygulamalar\u0131nda da yayg\u0131n olarak kullan\u0131l\u0131r. Farkl\u0131 renk se\u00e7enekleriyle hem pratik hem estetiktir.<\/p>\n","protected":false},"excerpt":{"rendered":"<p>Elastik yap\u0131da, kendinden yap\u0131\u015fkanl\u0131 ve s\u0131k\u0131 sar\u0131m sa\u011flayan coban bandaj.<\/p>\n<p>\u00d6l\u00e7\u00fcler:<\/p>\n<p>Geni\u015flik: 2.5 cm, 5 cm, 7.5 cm, 10 cm<\/p>\n<p>Uzunluk: 4.5 m<\/p>\n<p>Renk: Ten rengi, mavi, ye\u015fil vb.<\/p>\n","protected":false},"featured_media":7353,"template":"","meta":[],"product_brand":[],"product_cat":[1670,215],"product_tag":[1606,680,1604,1605,677,1608,483,1609,487,1607],"class_list":{"0":"post-8008","1":"product","2":"type-product","3":"status-publish","4":"has-post-thumbnail","6":"product_cat-genel-sarf","7":"product_cat-ortopedi","8":"product_tag-burkulma-bandaji","9":"product_tag-cilt-dostu-bandaj","10":"product_tag-coban-bandaj","11":"product_tag-elastik-sargi","12":"product_tag-kendinden-yapiskanli-bandaj","13":"product_tag-kendine-yapisan-sargi","14":"product_tag-kompresyon-bandaji","15":"product_tag-medikal-elastik-bandaj","16":"product_tag-spor-bandaji","17":"product_tag-yapiskanli-sargi-bezi","19":"first","20":"instock","21":"shipping-taxable","22":"product-type-simple"},"_links":{"self":[{"href":"https:\/\/berha.org\/en\/wp-json\/wp\/v2\/product\/8008","targetHints":{"allow":["GET"]}}],"collection":[{"href":"https:\/\/berha.org\/en\/wp-json\/wp\/v2\/product"}],"about":[{"href":"https:\/\/berha.org\/en\/wp-json\/wp\/v2\/types\/product"}],"wp:featuredmedia":[{"embeddable":true,"href":"https:\/\/berha.org\/en\/wp-json\/wp\/v2\/media\/7353"}],"wp:attachment":[{"href":"https:\/\/berha.org\/en\/wp-json\/wp\/v2\/media?parent=8008"}],"wp:term":[{"taxonomy":"product_brand","embeddable":true,"href":"https:\/\/berha.org\/en\/wp-json\/wp\/v2\/product_brand?post=8008"},{"taxonomy":"product_cat","embeddable":true,"href":"https:\/\/berha.org\/en\/wp-json\/wp\/v2\/product_cat?post=8008"},{"taxonomy":"product_tag","embeddable":true,"href":"https:\/\/berha.org\/en\/wp-json\/wp\/v2\/product_tag?post=8008"}],"curies":[{"name":"wp","href":"https:\/\/api.w.org\/{rel}","templated":true}]}}