{"id":8001,"date":"2025-07-20T22:49:32","date_gmt":"2025-07-20T19:49:32","guid":{"rendered":"https:\/\/berha.org\/en\/?post_type=product&#038;p=8001"},"modified":"2025-07-20T22:49:39","modified_gmt":"2025-07-20T19:49:39","slug":"kulotlu-yetiskin-hasta-alt-bezi","status":"publish","type":"product","link":"https:\/\/berha.org\/en\/urun\/kulotlu-yetiskin-hasta-alt-bezi\/","title":{"rendered":"K\u00fclotlu Yeti\u015fkin Hasta Alt Bezi"},"content":{"rendered":"<p>K\u00fclotlu Yeti\u015fkin Hasta Alt Bezi, idrar ve d\u0131\u015fk\u0131 ka\u00e7\u0131rma sorunlar\u0131 ya\u015fayan bireylerin konforlu ve hijyenik \u015fekilde g\u00fcnl\u00fck ya\u015famlar\u0131na devam edebilmesi i\u00e7in tasarlanm\u0131\u015f, giyilebilir yap\u0131ya sahip medikal bir \u00fcr\u00fcnd\u00fcr. \u0130\u00e7eri\u011findeki y\u00fcksek emici tanecikler sayesinde s\u0131v\u0131y\u0131 h\u0131zla hapseder ve cilt y\u00fczeyini kuru tutar. Bel k\u0131sm\u0131ndaki elastik yap\u0131s\u0131 sayesinde sarkma yapmaz, hareket \u00f6zg\u00fcrl\u00fc\u011f\u00fc sunar. Nefes alabilir yan panelleri ve s\u0131zd\u0131rmaz bariyerleriyle hem g\u00fcvenli hem rahatt\u0131r. \u00d6zellikle mobil hastalar, alzheimer ya da demans hastalar\u0131 i\u00e7in \u00f6nerilir.<\/p>\n","protected":false},"excerpt":{"rendered":"<p>Hareketli hastalar i\u00e7in \u00f6zel tasarlanm\u0131\u015f, k\u00fclot formunda hasta bezi.<\/p>\n<p>\u00d6l\u00e7\u00fcler:<\/p>\n<p>Beden: Small, Medium, Large, X-Large<\/p>\n<p>Emici B\u00f6lge: 4 katmanl\u0131 \u2013 s\u00fcper emici gran\u00fcll\u00fc yap<\/p>\n","protected":false},"featured_media":7328,"template":"","meta":[],"product_brand":[],"product_cat":[1670],"product_tag":[1555,1554,1550,1552,1557,1551,1548,1553,1556,1549],"class_list":{"0":"post-8001","1":"product","2":"type-product","3":"status-publish","4":"has-post-thumbnail","6":"product_cat-genel-sarf","7":"product_tag-alzheimer-hasta-bezi","8":"product_tag-emici-hasta-bezi","9":"product_tag-giyilebilir-hasta-bezi","10":"product_tag-hasta-alt-bezi","11":"product_tag-hijyenik-bez","12":"product_tag-idrar-kacirma-urunu","13":"product_tag-kulotlu-hasta-bezi","14":"product_tag-medikal-ic-camasir","15":"product_tag-tek-kullanimlik-ic-camasir","16":"product_tag-yetiskin-bez","18":"first","19":"instock","20":"shipping-taxable","21":"product-type-simple"},"_links":{"self":[{"href":"https:\/\/berha.org\/en\/wp-json\/wp\/v2\/product\/8001","targetHints":{"allow":["GET"]}}],"collection":[{"href":"https:\/\/berha.org\/en\/wp-json\/wp\/v2\/product"}],"about":[{"href":"https:\/\/berha.org\/en\/wp-json\/wp\/v2\/types\/product"}],"wp:featuredmedia":[{"embeddable":true,"href":"https:\/\/berha.org\/en\/wp-json\/wp\/v2\/media\/7328"}],"wp:attachment":[{"href":"https:\/\/berha.org\/en\/wp-json\/wp\/v2\/media?parent=8001"}],"wp:term":[{"taxonomy":"product_brand","embeddable":true,"href":"https:\/\/berha.org\/en\/wp-json\/wp\/v2\/product_brand?post=8001"},{"taxonomy":"product_cat","embeddable":true,"href":"https:\/\/berha.org\/en\/wp-json\/wp\/v2\/product_cat?post=8001"},{"taxonomy":"product_tag","embeddable":true,"href":"https:\/\/berha.org\/en\/wp-json\/wp\/v2\/product_tag?post=8001"}],"curies":[{"name":"wp","href":"https:\/\/api.w.org\/{rel}","templated":true}]}}