{"id":7847,"date":"2025-07-20T22:48:21","date_gmt":"2025-07-20T19:48:21","guid":{"rendered":"https:\/\/berha.org\/en\/?post_type=product&#038;p=7847"},"modified":"2025-07-20T22:48:27","modified_gmt":"2025-07-20T19:48:27","slug":"leukopor-flaster-25-cmx5-m-yara-bandi","status":"publish","type":"product","link":"https:\/\/berha.org\/en\/urun\/leukopor-flaster-25-cmx5-m-yara-bandi\/","title":{"rendered":"Leukopor Flaster 2,5 cmx5 m Yara Band\u0131"},"content":{"rendered":"<p>Leukopor Flaster 2,5 cm x 5 m Yara Band\u0131, \u00f6zellikle hassas ciltlerde kullan\u0131m i\u00e7in geli\u015ftirilmi\u015f, y\u00fcksek kaliteli ka\u011f\u0131t yap\u0131\u015fkanl\u0131 yara band\u0131d\u0131r. Hipoalerjenik yap\u0131s\u0131 sayesinde cilt tahri\u015fini \u00f6nler ve g\u00fcvenli bir sabitleme sa\u011flar.<\/p>\n<p>Yumu\u015fak ve nefes alabilen ka\u011f\u0131t materyali cildin hava almas\u0131na olanak tan\u0131r, bu da yara bak\u0131m\u0131n\u0131n sa\u011fl\u0131kl\u0131 bir \u015fekilde ger\u00e7ekle\u015fmesini destekler. Kolay y\u0131rt\u0131labilir yap\u0131s\u0131 sayesinde pratik kullan\u0131m imk\u00e2n\u0131 sunar. Klinik ve ev ortamlar\u0131nda rahatl\u0131kla tercih edilir.<\/p>\n","protected":false},"excerpt":{"rendered":"<p>Leukopor Flaster 2,5 cm x 5 m, hassas ciltler i\u00e7in \u00f6zel olarak tasarlanm\u0131\u015f, nefes alabilen ve hipoalerjenik ka\u011f\u0131t yara band\u0131d\u0131r.<\/p>\n","protected":false},"featured_media":6890,"template":"","meta":[],"product_brand":[464],"product_cat":[1674,630],"product_tag":[837,838,721,832,830,829,839,473,815],"class_list":{"0":"post-7847","1":"product","2":"type-product","3":"status-publish","4":"has-post-thumbnail","6":"product_brand-bsn-medikal","7":"product_cat-bsn-medikal","8":"product_cat-yara-bakimi","9":"product_tag-837","10":"product_tag-5-cm-flaster","11":"product_tag-bsn-yara-bandi","12":"product_tag-hassas-cilt-bandi","13":"product_tag-kagit-flaster","14":"product_tag-leukopor-flaster","15":"product_tag-medikal-flaster","16":"product_tag-yara-bandi","17":"product_tag-yara-sabitleme-bandi","19":"first","20":"instock","21":"shipping-taxable","22":"product-type-simple"},"_links":{"self":[{"href":"https:\/\/berha.org\/en\/wp-json\/wp\/v2\/product\/7847","targetHints":{"allow":["GET"]}}],"collection":[{"href":"https:\/\/berha.org\/en\/wp-json\/wp\/v2\/product"}],"about":[{"href":"https:\/\/berha.org\/en\/wp-json\/wp\/v2\/types\/product"}],"wp:featuredmedia":[{"embeddable":true,"href":"https:\/\/berha.org\/en\/wp-json\/wp\/v2\/media\/6890"}],"wp:attachment":[{"href":"https:\/\/berha.org\/en\/wp-json\/wp\/v2\/media?parent=7847"}],"wp:term":[{"taxonomy":"product_brand","embeddable":true,"href":"https:\/\/berha.org\/en\/wp-json\/wp\/v2\/product_brand?post=7847"},{"taxonomy":"product_cat","embeddable":true,"href":"https:\/\/berha.org\/en\/wp-json\/wp\/v2\/product_cat?post=7847"},{"taxonomy":"product_tag","embeddable":true,"href":"https:\/\/berha.org\/en\/wp-json\/wp\/v2\/product_tag?post=7847"}],"curies":[{"name":"wp","href":"https:\/\/api.w.org\/{rel}","templated":true}]}}